{"id":25552,"date":"2022-10-30T13:52:05","date_gmt":"2022-10-30T13:52:05","guid":{"rendered":"https:\/\/iestrada.edu.ar\/portal\/?page_id=25552"},"modified":"2022-10-30T14:51:33","modified_gmt":"2022-10-30T14:51:33","slug":"area-investigacion","status":"publish","type":"page","link":"https:\/\/iestrada.edu.ar\/portal\/area-investigacion\/","title":{"rendered":"\u00c1rea Investigaci\u00f3n"},"content":{"rendered":"\t\t<div data-elementor-type=\"wp-page\" data-elementor-id=\"25552\" class=\"elementor elementor-25552\">\n\t\t\t\t\t\t<section class=\"elementor-section elementor-top-section elementor-element elementor-element-b590b77 elementor-section-boxed elementor-section-height-default elementor-section-height-default\" data-id=\"b590b77\" data-element_type=\"section\" data-e-type=\"section\">\n\t\t\t\t\t\t<div class=\"elementor-container elementor-column-gap-default\">\n\t\t\t\t\t<div class=\"elementor-column elementor-col-100 elementor-top-column elementor-element elementor-element-1dbfa4c\" data-id=\"1dbfa4c\" data-element_type=\"column\" data-e-type=\"column\">\n\t\t\t<div class=\"elementor-widget-wrap elementor-element-populated\">\n\t\t\t\t\t\t<div class=\"elementor-element elementor-element-e71b171 elementor-widget elementor-widget-heading\" data-id=\"e71b171\" data-element_type=\"widget\" data-e-type=\"widget\" data-widget_type=\"heading.default\">\n\t\t\t\t<div class=\"elementor-widget-container\">\n\t\t\t\t\t<h2 class=\"elementor-heading-title elementor-size-default\">\u00c1rea Investigaci\u00f3n<\/h2>\t\t\t\t<\/div>\n\t\t\t\t<\/div>\n\t\t\t\t\t<\/div>\n\t\t<\/div>\n\t\t\t\t\t<\/div>\n\t\t<\/section>\n\t\t\t\t<section class=\"elementor-section elementor-top-section elementor-element elementor-element-15ee8fa elementor-section-boxed elementor-section-height-default elementor-section-height-default\" data-id=\"15ee8fa\" data-element_type=\"section\" data-e-type=\"section\">\n\t\t\t\t\t\t<div class=\"elementor-container elementor-column-gap-default\">\n\t\t\t\t\t<div class=\"elementor-column elementor-col-33 elementor-top-column elementor-element elementor-element-4bf143b\" data-id=\"4bf143b\" data-element_type=\"column\" data-e-type=\"column\">\n\t\t\t<div class=\"elementor-widget-wrap elementor-element-populated\">\n\t\t\t\t\t\t<div class=\"elementor-element elementor-element-04004d2 elementor-widget elementor-widget-image\" data-id=\"04004d2\" data-element_type=\"widget\" data-e-type=\"widget\" data-widget_type=\"image.default\">\n\t\t\t\t<div class=\"elementor-widget-container\">\n\t\t\t\t\t\t\t\t\t\t\t\t\t\t\t<img fetchpriority=\"high\" decoding=\"async\" width=\"457\" height=\"429\" src=\"https:\/\/iestrada.edu.ar\/portal\/wp-content\/uploads\/2022\/10\/ina.jpg\" class=\"attachment-large size-large wp-image-25568\" alt=\"\" srcset=\"https:\/\/iestrada.edu.ar\/portal\/wp-content\/uploads\/2022\/10\/ina.jpg 457w, https:\/\/iestrada.edu.ar\/portal\/wp-content\/uploads\/2022\/10\/ina-300x282.jpg 300w\" sizes=\"(max-width: 457px) 100vw, 457px\" \/>\t\t\t\t\t\t\t\t\t\t\t\t\t\t\t<\/div>\n\t\t\t\t<\/div>\n\t\t\t\t\t<\/div>\n\t\t<\/div>\n\t\t\t\t<div class=\"elementor-column elementor-col-66 elementor-top-column elementor-element elementor-element-59920be\" data-id=\"59920be\" data-element_type=\"column\" data-e-type=\"column\">\n\t\t\t<div class=\"elementor-widget-wrap elementor-element-populated\">\n\t\t\t\t\t\t<div class=\"elementor-element elementor-element-eda00b7 elementor-widget elementor-widget-text-editor\" data-id=\"eda00b7\" data-element_type=\"widget\" data-e-type=\"widget\" data-widget_type=\"text-editor.default\">\n\t\t\t\t<div class=\"elementor-widget-container\">\n\t\t\t\t\t\t\t\t\t<div align=\"justify\">El objetivo general del Area de investigaci\u00f3n, es Promover y Fortalecer la funci\u00f3n de investigaci\u00f3n a nivel institucional y su transferencia a las distintas funciones del I.S.F.D \u201cJ.M.Estrada\u201d en el marco del Proyecto Institucional.\n\nEn el marco de las normativas vigentes, se realizan actividades orientadas por la investigaci\u00f3n evaluativa, la sistematizaci\u00f3n de experiencias, la recolecci\u00f3n y an\u00e1lisis metodol\u00f3gico de datos, el desarrollo de proyectos de investigaci\u00f3n.\n\nNo obstante, las actividades propias del proceso de investigaci\u00f3n, se subraya la impronta de transferencia hacia las distintas \u00e1reas institucionales. Asimismo, se atiende la instancia de acreditaci\u00f3n de actividades, con evaluaci\u00f3n interna y\/o externa.\n\nLas l\u00edneas de trabajo generales atienden al dise\u00f1o, desarrollo y acompa\u00f1amiento (promoci\u00f3n, ejecuci\u00f3n, monitoreo) de actividades y procesos de investigaci\u00f3n educativa sobre tem\u00e1ticas prioritarias de definici\u00f3n institucional, articulaci\u00f3n con otras \u00e1reas institucionales, evaluaci\u00f3n, acreditaci\u00f3n y socializaci\u00f3n de acciones de investigaci\u00f3n con sede en el ISFD \u201cEstrada\u201d.<\/div>\t\t\t\t\t\t\t\t<\/div>\n\t\t\t\t<\/div>\n\t\t\t\t\t<\/div>\n\t\t<\/div>\n\t\t\t\t\t<\/div>\n\t\t<\/section>\n\t\t\t\t<section class=\"elementor-section elementor-top-section elementor-element elementor-element-c6a2ee4 elementor-section-boxed elementor-section-height-default elementor-section-height-default\" data-id=\"c6a2ee4\" data-element_type=\"section\" data-e-type=\"section\">\n\t\t\t\t\t\t<div class=\"elementor-container elementor-column-gap-default\">\n\t\t\t\t\t<div class=\"elementor-column elementor-col-66 elementor-top-column elementor-element elementor-element-cb528f2\" data-id=\"cb528f2\" data-element_type=\"column\" data-e-type=\"column\">\n\t\t\t<div class=\"elementor-widget-wrap elementor-element-populated\">\n\t\t\t\t\t\t<div class=\"elementor-element elementor-element-76e3c40 elementor-widget elementor-widget-heading\" data-id=\"76e3c40\" data-element_type=\"widget\" data-e-type=\"widget\" data-widget_type=\"heading.default\">\n\t\t\t\t<div class=\"elementor-widget-container\">\n\t\t\t\t\t<h3 class=\"elementor-heading-title elementor-size-default\">Presentaci\u00f3n en eventos cient\u00edficos y pedag\u00f3gicos<\/h3>\t\t\t\t<\/div>\n\t\t\t\t<\/div>\n\t\t\t\t<div class=\"elementor-element elementor-element-032ff89 elementor-widget elementor-widget-text-editor\" data-id=\"032ff89\" data-element_type=\"widget\" data-e-type=\"widget\" data-widget_type=\"text-editor.default\">\n\t\t\t\t<div class=\"elementor-widget-container\">\n\t\t\t\t\t\t\t\t\t<ol start=\"2022\"><li>IV Coloquio de Investigaci\u00f3n Educativa en Argentina, Sociedad Argentina de Investigaci\u00f3n Educativa, Buenos Aires<\/li><li>Primer Congreso Virtual de Educaci\u00f3n Superior \u201cLas practicas Docentes en la Educaci\u00f3n Superior en tiempos de Pandemia. Tensiones y Desaf\u00edos\u201d, Ministerio de Educaci\u00f3n de la Provincia, Direcci\u00f3n de Educaci\u00f3n Superior.<\/li><\/ol>\t\t\t\t\t\t\t\t<\/div>\n\t\t\t\t<\/div>\n\t\t\t\t\t<\/div>\n\t\t<\/div>\n\t\t\t\t<div class=\"elementor-column elementor-col-33 elementor-top-column elementor-element elementor-element-b1c0ad3\" data-id=\"b1c0ad3\" data-element_type=\"column\" data-e-type=\"column\">\n\t\t\t<div class=\"elementor-widget-wrap elementor-element-populated\">\n\t\t\t\t\t\t<div class=\"elementor-element elementor-element-08c0ea2 elementor-widget elementor-widget-image\" data-id=\"08c0ea2\" data-element_type=\"widget\" data-e-type=\"widget\" data-widget_type=\"image.default\">\n\t\t\t\t<div class=\"elementor-widget-container\">\n\t\t\t\t\t\t\t\t\t\t\t\t\t\t\t<img decoding=\"async\" width=\"388\" height=\"204\" src=\"https:\/\/iestrada.edu.ar\/portal\/wp-content\/uploads\/2022\/10\/saie.png\" class=\"attachment-large size-large wp-image-25598\" alt=\"\" srcset=\"https:\/\/iestrada.edu.ar\/portal\/wp-content\/uploads\/2022\/10\/saie.png 388w, https:\/\/iestrada.edu.ar\/portal\/wp-content\/uploads\/2022\/10\/saie-300x158.png 300w\" sizes=\"(max-width: 388px) 100vw, 388px\" \/>\t\t\t\t\t\t\t\t\t\t\t\t\t\t\t<\/div>\n\t\t\t\t<\/div>\n\t\t\t\t\t<\/div>\n\t\t<\/div>\n\t\t\t\t\t<\/div>\n\t\t<\/section>\n\t\t\t\t<section class=\"elementor-section elementor-top-section elementor-element elementor-element-120a6d9 elementor-section-boxed elementor-section-height-default elementor-section-height-default\" data-id=\"120a6d9\" data-element_type=\"section\" data-e-type=\"section\">\n\t\t\t\t\t\t<div class=\"elementor-container elementor-column-gap-default\">\n\t\t\t\t\t<div class=\"elementor-column elementor-col-66 elementor-top-column elementor-element elementor-element-3679c3d\" data-id=\"3679c3d\" data-element_type=\"column\" data-e-type=\"column\">\n\t\t\t<div class=\"elementor-widget-wrap elementor-element-populated\">\n\t\t\t\t\t\t<div class=\"elementor-element elementor-element-0d15ac5 elementor-widget elementor-widget-heading\" data-id=\"0d15ac5\" data-element_type=\"widget\" data-e-type=\"widget\" data-widget_type=\"heading.default\">\n\t\t\t\t<div class=\"elementor-widget-container\">\n\t\t\t\t\t<h3 class=\"elementor-heading-title elementor-size-default\">L\u00edneas de Trabajos Actuales<\/h3>\t\t\t\t<\/div>\n\t\t\t\t<\/div>\n\t\t\t\t<div class=\"elementor-element elementor-element-799ac68 elementor-widget elementor-widget-text-editor\" data-id=\"799ac68\" data-element_type=\"widget\" data-e-type=\"widget\" data-widget_type=\"text-editor.default\">\n\t\t\t\t<div class=\"elementor-widget-container\">\n\t\t\t\t\t\t\t\t\t<p>1) ense\u00f1anza y aprendizaje en contextos de educaci\u00f3n virtualizada.<\/p><p>2) Competencias en lectoescritura.<\/p>\t\t\t\t\t\t\t\t<\/div>\n\t\t\t\t<\/div>\n\t\t\t\t\t<\/div>\n\t\t<\/div>\n\t\t\t\t<div class=\"elementor-column elementor-col-33 elementor-top-column elementor-element elementor-element-cb224f7\" data-id=\"cb224f7\" data-element_type=\"column\" data-e-type=\"column\">\n\t\t\t<div class=\"elementor-widget-wrap\">\n\t\t\t\t\t\t\t<\/div>\n\t\t<\/div>\n\t\t\t\t\t<\/div>\n\t\t<\/section>\n\t\t\t\t<section class=\"elementor-section elementor-top-section elementor-element elementor-element-af701e2 elementor-section-boxed elementor-section-height-default elementor-section-height-default\" data-id=\"af701e2\" data-element_type=\"section\" data-e-type=\"section\">\n\t\t\t\t\t\t<div class=\"elementor-container elementor-column-gap-default\">\n\t\t\t\t\t<div class=\"elementor-column elementor-col-66 elementor-top-column elementor-element elementor-element-6110b00\" data-id=\"6110b00\" data-element_type=\"column\" data-e-type=\"column\">\n\t\t\t<div class=\"elementor-widget-wrap elementor-element-populated\">\n\t\t\t\t\t\t<div class=\"elementor-element elementor-element-fa49d46 elementor-widget elementor-widget-heading\" data-id=\"fa49d46\" data-element_type=\"widget\" data-e-type=\"widget\" data-widget_type=\"heading.default\">\n\t\t\t\t<div class=\"elementor-widget-container\">\n\t\t\t\t\t<h3 class=\"elementor-heading-title elementor-size-default\">Proyectos con evaluaci\u00f3n externa<\/h3>\t\t\t\t<\/div>\n\t\t\t\t<\/div>\n\t\t\t\t<div class=\"elementor-element elementor-element-1944610 elementor-widget elementor-widget-text-editor\" data-id=\"1944610\" data-element_type=\"widget\" data-e-type=\"widget\" data-widget_type=\"text-editor.default\">\n\t\t\t\t<div class=\"elementor-widget-container\">\n\t\t\t\t\t\t\t\t\t<div align=\"justify\">2022. Ense\u00f1anza en entornos virtuales y competencias digitales docentes en profesores de formaci\u00f3n docente de un caso institucional de Corrientes, Direcci\u00f3n de Nivel Superior, Ministerio de Educaci\u00f3n, Disp.173\/22<\/div>\t\t\t\t\t\t\t\t<\/div>\n\t\t\t\t<\/div>\n\t\t\t\t\t<\/div>\n\t\t<\/div>\n\t\t\t\t<div class=\"elementor-column elementor-col-33 elementor-top-column elementor-element elementor-element-d7bf666\" data-id=\"d7bf666\" data-element_type=\"column\" data-e-type=\"column\">\n\t\t\t<div class=\"elementor-widget-wrap\">\n\t\t\t\t\t\t\t<\/div>\n\t\t<\/div>\n\t\t\t\t\t<\/div>\n\t\t<\/section>\n\t\t\t\t<section class=\"elementor-section elementor-top-section elementor-element elementor-element-419bede elementor-section-boxed elementor-section-height-default elementor-section-height-default\" data-id=\"419bede\" data-element_type=\"section\" data-e-type=\"section\">\n\t\t\t\t\t\t<div class=\"elementor-container elementor-column-gap-default\">\n\t\t\t\t\t<div class=\"elementor-column elementor-col-66 elementor-top-column elementor-element elementor-element-2f7900f\" data-id=\"2f7900f\" data-element_type=\"column\" data-e-type=\"column\">\n\t\t\t<div class=\"elementor-widget-wrap elementor-element-populated\">\n\t\t\t\t\t\t<div class=\"elementor-element elementor-element-6992240 elementor-widget elementor-widget-heading\" data-id=\"6992240\" data-element_type=\"widget\" data-e-type=\"widget\" data-widget_type=\"heading.default\">\n\t\t\t\t<div class=\"elementor-widget-container\">\n\t\t\t\t\t<h3 class=\"elementor-heading-title elementor-size-default\">Bases de presentaci\u00f3n de proyectos<\/h3>\t\t\t\t<\/div>\n\t\t\t\t<\/div>\n\t\t\t\t<div class=\"elementor-element elementor-element-ae93e3d elementor-widget elementor-widget-text-editor\" data-id=\"ae93e3d\" data-element_type=\"widget\" data-e-type=\"widget\" data-widget_type=\"text-editor.default\">\n\t\t\t\t<div class=\"elementor-widget-container\">\n\t\t\t\t\t\t\t\t\t<div align=\"justify\">La presentaci\u00f3n de actividades del \u00c1rea se organiza seg\u00fan los componentes de proyectos de investigaci\u00f3n y\/o intervenci\u00f3n, a los efectos de organizar su implementaci\u00f3n.<\/div>\t\t\t\t\t\t\t\t<\/div>\n\t\t\t\t<\/div>\n\t\t\t\t\t<\/div>\n\t\t<\/div>\n\t\t\t\t<div class=\"elementor-column elementor-col-33 elementor-top-column elementor-element elementor-element-7e5fdf7\" data-id=\"7e5fdf7\" data-element_type=\"column\" data-e-type=\"column\">\n\t\t\t<div class=\"elementor-widget-wrap\">\n\t\t\t\t\t\t\t<\/div>\n\t\t<\/div>\n\t\t\t\t\t<\/div>\n\t\t<\/section>\n\t\t\t\t<section class=\"elementor-section elementor-top-section elementor-element elementor-element-ba82aa9 elementor-section-boxed elementor-section-height-default elementor-section-height-default\" data-id=\"ba82aa9\" data-element_type=\"section\" data-e-type=\"section\">\n\t\t\t\t\t\t<div class=\"elementor-container elementor-column-gap-default\">\n\t\t\t\t\t<div class=\"elementor-column elementor-col-66 elementor-top-column elementor-element elementor-element-f26fac6\" data-id=\"f26fac6\" data-element_type=\"column\" data-e-type=\"column\">\n\t\t\t<div class=\"elementor-widget-wrap elementor-element-populated\">\n\t\t\t\t\t\t<div class=\"elementor-element elementor-element-b87ddde elementor-widget elementor-widget-heading\" data-id=\"b87ddde\" data-element_type=\"widget\" data-e-type=\"widget\" data-widget_type=\"heading.default\">\n\t\t\t\t<div class=\"elementor-widget-container\">\n\t\t\t\t\t<h3 class=\"elementor-heading-title elementor-size-default\">Contexto normativo<\/h3>\t\t\t\t<\/div>\n\t\t\t\t<\/div>\n\t\t\t\t<div class=\"elementor-element elementor-element-8d3ecf8 elementor-widget elementor-widget-text-editor\" data-id=\"8d3ecf8\" data-element_type=\"widget\" data-e-type=\"widget\" data-widget_type=\"text-editor.default\">\n\t\t\t\t<div class=\"elementor-widget-container\">\n\t\t\t\t\t\t\t\t\t<div align=\"justify\">La ley de Educaci\u00f3n Nacional 26.206\/06 establece en el Cap\u00edtulo II T\u00edtulo IV, referido a la formaci\u00f3n docente, en art. 72, como una de las funciones del nivel de Educaci\u00f3n Superior la de investigaci\u00f3n educativa; en su art. 73 incentivar la investigaci\u00f3n y la innovaci\u00f3n educativa con propuestas que aporten a la reflexi\u00f3n sobre la pr\u00e1ctica y la renovaci\u00f3n de experiencias; en su art. 76 impulsar y desarrollar acciones de investigaci\u00f3n.\n\nLa Ley de Educaci\u00f3n Superior 24.521\/95 (con sus ratificaciones y modificaciones seg\u00fan Ley 27.204\/15) establece que los Institutos de Formaci\u00f3n Docentes deben promover el desarrollo de investigaciones educativas y la realizaci\u00f3n de experiencias innovadoras, bajo una concepci\u00f3n de la educaci\u00f3n superior como un bien p\u00fablico y un derecho humano.\n\nEn tal sentido, la Ley de Educaci\u00f3n Provincial de la Provincia de Corrientes 6475\/18 establece a la educaci\u00f3n como un derecho personal y un bien social (art. 2) y como un derecho de los docentes \u201ca realizar o participar en investigaciones\u2026 a fin de sustentar cient\u00edficamente su tarea\u201d (art. 111, g.)\n\nLa Resoluci\u00f3n 1455\/14 del Ministerio de Educaci\u00f3n de la Provincia de Corrientes, R\u00e9gimen Org\u00e1nico Marco para Institutos Superiores, refrenda la investigaci\u00f3n educativa como una de las funciones de la formaci\u00f3n docente (art. 6).\n\nAsimismo, la Disposici\u00f3n 120\/16 de la Direcci\u00f3n de Nivel Superior del Ministerio de Educaci\u00f3n de la Provincia de Corrientes, constituye un documento marco para determinar las funciones Investigaci\u00f3n en los Institutos de Formaci\u00f3n Docente y T\u00e9cnica dependientes de esa Direcci\u00f3n.\n\nEn particular, el presente proyecto de desarrollo se justifica, encuadra y prev\u00e9 para su cumplimiento el conjunto de funciones asignadas en la Resoluci\u00f3n 1455\/14 al coordinador de \u00c1rea (art. 44) y en particular al coordinador del \u00c1rea de investigaci\u00f3n (art. 49), de igual manera por la Disposici\u00f3n 120\/16 art. 2 punto 2.2.4, referido a las responsabilidades y funciones del coordinador de investigaci\u00f3n en el nivel institucional.\n\nEstos lineamientos referidos en los distintos p\u00e1rrafos precedentes orientan y fundamentan nuestras l\u00edneas de acci\u00f3n previstas para el nivel de concreci\u00f3n institucional de la funci\u00f3n de investigaci\u00f3n en el sistema formador de nivel superior.<\/div>\t\t\t\t\t\t\t\t<\/div>\n\t\t\t\t<\/div>\n\t\t\t\t\t<\/div>\n\t\t<\/div>\n\t\t\t\t<div class=\"elementor-column elementor-col-33 elementor-top-column elementor-element elementor-element-37d0ce0\" data-id=\"37d0ce0\" data-element_type=\"column\" data-e-type=\"column\">\n\t\t\t<div class=\"elementor-widget-wrap\">\n\t\t\t\t\t\t\t<\/div>\n\t\t<\/div>\n\t\t\t\t\t<\/div>\n\t\t<\/section>\n\t\t\t\t<\/div>\n\t\t","protected":false},"excerpt":{"rendered":"<p>\u00c1rea Investigaci\u00f3n El objetivo general del Area de investigaci\u00f3n, es Promover y Fortalecer la funci\u00f3n de investigaci\u00f3n a nivel institucional y su transferencia a las distintas funciones del I.S.F.D \u201cJ.M.Estrada\u201d en el marco del Proyecto Institucional. En el marco de las normativas vigentes, se realizan actividades orientadas por la investigaci\u00f3n evaluativa, la sistematizaci\u00f3n de experiencias, [&hellip;]<\/p>\n","protected":false},"author":8,"featured_media":0,"parent":0,"menu_order":0,"comment_status":"closed","ping_status":"closed","template":"","meta":{"site-sidebar-layout":"no-sidebar","site-content-layout":"page-builder","ast-site-content-layout":"default","site-content-style":"default","site-sidebar-style":"default","ast-global-header-display":"","ast-banner-title-visibility":"","ast-main-header-display":"","ast-hfb-above-header-display":"","ast-hfb-below-header-display":"","ast-hfb-mobile-header-display":"","site-post-title":"disabled","ast-breadcrumbs-content":"","ast-featured-img":"disabled","footer-sml-layout":"","ast-disable-related-posts":"","theme-transparent-header-meta":"","adv-header-id-meta":"","stick-header-meta":"","header-above-stick-meta":"","header-main-stick-meta":"","header-below-stick-meta":"","astra-migrate-meta-layouts":"default","ast-page-background-enabled":"default","ast-page-background-meta":{"desktop":{"background-color":"","background-image":"","background-repeat":"repeat","background-position":"center center","background-size":"auto","background-attachment":"scroll","background-type":"","background-media":"","overlay-type":"","overlay-color":"","overlay-opacity":"","overlay-gradient":""},"tablet":{"background-color":"","background-image":"","background-repeat":"repeat","background-position":"center center","background-size":"auto","background-attachment":"scroll","background-type":"","background-media":"","overlay-type":"","overlay-color":"","overlay-opacity":"","overlay-gradient":""},"mobile":{"background-color":"","background-image":"","background-repeat":"repeat","background-position":"center center","background-size":"auto","background-attachment":"scroll","background-type":"","background-media":"","overlay-type":"","overlay-color":"","overlay-opacity":"","overlay-gradient":""}},"ast-content-background-meta":{"desktop":{"background-color":"var(--ast-global-color-5)","background-image":"","background-repeat":"repeat","background-position":"center center","background-size":"auto","background-attachment":"scroll","background-type":"","background-media":"","overlay-type":"","overlay-color":"","overlay-opacity":"","overlay-gradient":""},"tablet":{"background-color":"var(--ast-global-color-5)","background-image":"","background-repeat":"repeat","background-position":"center center","background-size":"auto","background-attachment":"scroll","background-type":"","background-media":"","overlay-type":"","overlay-color":"","overlay-opacity":"","overlay-gradient":""},"mobile":{"background-color":"var(--ast-global-color-5)","background-image":"","background-repeat":"repeat","background-position":"center center","background-size":"auto","background-attachment":"scroll","background-type":"","background-media":"","overlay-type":"","overlay-color":"","overlay-opacity":"","overlay-gradient":""}},"footnotes":""},"class_list":["post-25552","page","type-page","status-publish","hentry"],"_links":{"self":[{"href":"https:\/\/iestrada.edu.ar\/portal\/wp-json\/wp\/v2\/pages\/25552","targetHints":{"allow":["GET"]}}],"collection":[{"href":"https:\/\/iestrada.edu.ar\/portal\/wp-json\/wp\/v2\/pages"}],"about":[{"href":"https:\/\/iestrada.edu.ar\/portal\/wp-json\/wp\/v2\/types\/page"}],"author":[{"embeddable":true,"href":"https:\/\/iestrada.edu.ar\/portal\/wp-json\/wp\/v2\/users\/8"}],"replies":[{"embeddable":true,"href":"https:\/\/iestrada.edu.ar\/portal\/wp-json\/wp\/v2\/comments?post=25552"}],"version-history":[{"count":76,"href":"https:\/\/iestrada.edu.ar\/portal\/wp-json\/wp\/v2\/pages\/25552\/revisions"}],"predecessor-version":[{"id":25634,"href":"https:\/\/iestrada.edu.ar\/portal\/wp-json\/wp\/v2\/pages\/25552\/revisions\/25634"}],"wp:attachment":[{"href":"https:\/\/iestrada.edu.ar\/portal\/wp-json\/wp\/v2\/media?parent=25552"}],"curies":[{"name":"wp","href":"https:\/\/api.w.org\/{rel}","templated":true}]}}